{"id":8076,"date":"2024-01-31T10:28:44","date_gmt":"2024-01-31T09:28:44","guid":{"rendered":"https:\/\/www.ialmarche.it\/?post_type=dt_portfolio&#038;p=8076"},"modified":"2024-01-31T10:34:00","modified_gmt":"2024-01-31T09:34:00","slug":"consorzio-delle-marche-per-la-mobilita-erasmus","status":"publish","type":"dt_portfolio","link":"https:\/\/www.ialmarche.it\/en\/corsi-formazione\/consorzio-delle-marche-per-la-mobilita-erasmus\/","title":{"rendered":"CONSORZIO DELLE MARCHE PER LA MOBILIT\u00c0 ERASMUS+"},"content":{"rendered":"<div class=\"wpb-content-wrapper\"><p>[vc_row][vc_column][vc_single_image image=&#8221;8078&#8243; img_size=&#8221;full&#8221; alignment=&#8221;center&#8221; image_hovers=&#8221;false&#8221;][\/vc_column][\/vc_row][vc_row gap=&#8221;20&#8243; css=&#8221;.vc_custom_1582130920027{padding-top: 20px !important;padding-bottom: 20px !important;}&#8221;][vc_column width=&#8221;1\/3&#8243; css=&#8221;.vc_custom_1586861285106{margin-top: -100px !important;padding-top: 30px !important;padding-right: 30px !important;padding-bottom: 30px !important;padding-left: 30px !important;background-color: #1e73be !important;border-radius: 20px !important;}&#8221;]<div class=\"aio-icon-component    style_1\"><div id=\"Info-box-wrap-4289\" class=\"aio-icon-box left-icon\" style=\"\"  ><div class=\"aio-icon-left\"><div class=\"ult-just-icon-wrapper  \"><div class=\"align-icon\" style=\"text-align:center;\">\n<div class=\"aio-icon none \"  style=\"color:#ffffff;font-size:25px;display:inline-block;\">\n\t<i class=\"Defaults-tag\"><\/i>\n<\/div><\/div><\/div><\/div><div class=\"aio-ibd-block\"><div class=\"aio-icon-header\" ><h3 class=\"aio-icon-title ult-responsive\"  data-ultimate-target='#Info-box-wrap-4289 .aio-icon-title'  data-responsive-json-new='{\"font-size\":\"desktop:16px;\",\"line-height\":\"desktop:18px;\"}'  style=\"font-weight:bold;color:#ffffff;\">Project Reference:<\/h3><\/div> <!-- header --><div class=\"aio-icon-description ult-responsive\"  data-ultimate-target='#Info-box-wrap-4289 .aio-icon-description'  data-responsive-json-new='{\"font-size\":\"desktop:14px;\",\"line-height\":\"desktop:24px;\"}'  style=\"color:#ffffff;\">2022-1-IT01-KA120-VET-000104820<\/div> <!-- description --><\/div> <!-- aio-ibd-block --><\/div> <!-- aio-icon-box --><\/div> <!-- aio-icon-component --><div class=\"aio-icon-component    style_1\"><div id=\"Info-box-wrap-3438\" class=\"aio-icon-box left-icon\" style=\"\"  ><div class=\"aio-icon-left\"><div class=\"ult-just-icon-wrapper  \"><div class=\"align-icon\" style=\"text-align:center;\">\n<div class=\"aio-icon none \"  style=\"color:#ffffff;font-size:25px;display:inline-block;\">\n\t<i class=\"fas fa-book\"><\/i>\n<\/div><\/div><\/div><\/div><div class=\"aio-ibd-block\"><div class=\"aio-icon-header\" ><h3 class=\"aio-icon-title ult-responsive\"  data-ultimate-target='#Info-box-wrap-3438 .aio-icon-title'  data-responsive-json-new='{\"font-size\":\"desktop:16px;\",\"line-height\":\"desktop:18px;\"}'  style=\"font-weight:bold;color:#ffffff;\">Programme:<\/h3><\/div> <!-- header --><div class=\"aio-icon-description ult-responsive\"  data-ultimate-target='#Info-box-wrap-3438 .aio-icon-description'  data-responsive-json-new='{\"font-size\":\"desktop:14px;\",\"line-height\":\"desktop:24px;\"}'  style=\"color:#ffffff;\">Erasmus+<\/div> <!-- description --><\/div> <!-- aio-ibd-block --><\/div> <!-- aio-icon-box --><\/div> <!-- aio-icon-component --><div class=\"aio-icon-component    style_1\"><div id=\"Info-box-wrap-2740\" class=\"aio-icon-box left-icon\" style=\"\"  ><div class=\"aio-icon-left\"><div class=\"ult-just-icon-wrapper  \"><div class=\"align-icon\" style=\"text-align:center;\">\n<div class=\"aio-icon none \"  style=\"color:#ffffff;font-size:25px;display:inline-block;\">\n\t<i class=\"dt-icon-the7-misc-006-2\"><\/i>\n<\/div><\/div><\/div><\/div><div class=\"aio-ibd-block\"><div class=\"aio-icon-header\" ><h3 class=\"aio-icon-title ult-responsive\"  data-ultimate-target='#Info-box-wrap-2740 .aio-icon-title'  data-responsive-json-new='{\"font-size\":\"desktop:16px;\",\"line-height\":\"desktop:18px;\"}'  style=\"font-weight:bold;color:#ffffff;\">Key Action and Action Type:<\/h3><\/div> <!-- header --><div class=\"aio-icon-description ult-responsive\"  data-ultimate-target='#Info-box-wrap-2740 .aio-icon-description'  data-responsive-json-new='{\"font-size\":\"desktop:14px;\",\"line-height\":\"desktop:24px;\"}'  style=\"color:#ffffff;\">Learning Mobility of Individuals<\/div> <!-- description --><\/div> <!-- aio-ibd-block --><\/div> <!-- aio-icon-box --><\/div> <!-- aio-icon-component --><div class=\"aio-icon-component    style_1\"><div id=\"Info-box-wrap-2821\" class=\"aio-icon-box left-icon\" style=\"\"  ><div class=\"aio-icon-left\"><div class=\"ult-just-icon-wrapper  \"><div class=\"align-icon\" style=\"text-align:center;\">\n<div class=\"aio-icon none \"  style=\"color:#ffffff;font-size:25px;display:inline-block;\">\n\t<i class=\"fas fa-university\"><\/i>\n<\/div><\/div><\/div><\/div><div class=\"aio-ibd-block\"><div class=\"aio-icon-header\" ><h3 class=\"aio-icon-title ult-responsive\"  data-ultimate-target='#Info-box-wrap-2821 .aio-icon-title'  data-responsive-json-new='{\"font-size\":\"desktop:16px;\",\"line-height\":\"desktop:18px;\"}'  style=\"font-weight:bold;color:#ffffff;\">Lead Partner:<\/h3><\/div> <!-- header --><div class=\"aio-icon-description ult-responsive\"  data-ultimate-target='#Info-box-wrap-2821 .aio-icon-description'  data-responsive-json-new='{\"font-size\":\"desktop:14px;\",\"line-height\":\"desktop:24px;\"}'  style=\"color:#ffffff;\">IAL MARCHE SRL (IT)<\/div> <!-- description --><\/div> <!-- aio-ibd-block --><\/div> <!-- aio-icon-box --><\/div> <!-- aio-icon-component --><div class=\"aio-icon-component    style_1\"><div id=\"Info-box-wrap-6859\" class=\"aio-icon-box left-icon\" style=\"\"  ><div class=\"aio-icon-left\"><div class=\"ult-just-icon-wrapper  \"><div class=\"align-icon\" style=\"text-align:center;\">\n<div class=\"aio-icon none \"  style=\"color:#ffffff;font-size:25px;display:inline-block;\">\n\t<i class=\"fas fa-calendar-alt\"><\/i>\n<\/div><\/div><\/div><\/div><div class=\"aio-ibd-block\"><div class=\"aio-icon-header\" ><h3 class=\"aio-icon-title ult-responsive\"  data-ultimate-target='#Info-box-wrap-6859 .aio-icon-title'  data-responsive-json-new='{\"font-size\":\"desktop:16px;\",\"line-height\":\"desktop:18px;\"}'  style=\"font-weight:bold;color:#ffffff;\">Project duration:<\/h3><\/div> <!-- header --><div class=\"aio-icon-description ult-responsive\"  data-ultimate-target='#Info-box-wrap-6859 .aio-icon-description'  data-responsive-json-new='{\"font-size\":\"desktop:14px;\",\"line-height\":\"desktop:24px;\"}'  style=\"color:#ffffff;\">2023-2027<\/div> <!-- description --><\/div> <!-- aio-ibd-block --><\/div> <!-- aio-icon-box --><\/div> <!-- aio-icon-component --><div class=\"aio-icon-component    style_1\"><div id=\"Info-box-wrap-1526\" class=\"aio-icon-box left-icon\" style=\"\"  ><div class=\"aio-icon-left\"><div class=\"ult-just-icon-wrapper  \"><div class=\"align-icon\" style=\"text-align:center;\">\n<div class=\"aio-icon none \"  style=\"color:#ffffff;font-size:25px;display:inline-block;\">\n\t<i class=\"Defaults-facebook-square\"><\/i>\n<\/div><\/div><\/div><\/div><div class=\"aio-ibd-block\"><div class=\"aio-icon-header\" ><h3 class=\"aio-icon-title ult-responsive\"  data-ultimate-target='#Info-box-wrap-1526 .aio-icon-title'  data-responsive-json-new='{\"font-size\":\"desktop:16px;\",\"line-height\":\"desktop:18px;\"}'  style=\"font-weight:bold;color:#ffffff;\">Website:<\/h3><\/div> <!-- header --><div class=\"aio-icon-description ult-responsive\"  data-ultimate-target='#Info-box-wrap-1526 .aio-icon-description'  data-responsive-json-new='{\"font-size\":\"desktop:14px;\",\"line-height\":\"desktop:24px;\"}'  style=\"color:#ffffff;\">\/\/<\/div> <!-- description --><\/div> <!-- aio-ibd-block --><\/div> <!-- aio-icon-box --><\/div> <!-- aio-icon-component --><div class=\"aio-icon-component    style_1\"><div id=\"Info-box-wrap-5754\" class=\"aio-icon-box left-icon\" style=\"\"  ><div class=\"aio-icon-left\"><div class=\"ult-just-icon-wrapper  \"><div class=\"align-icon\" style=\"text-align:center;\">\n<div class=\"aio-icon none \"  style=\"color:#ffffff;font-size:25px;display:inline-block;\">\n\t<i class=\"fas fa-users-cog\"><\/i>\n<\/div><\/div><\/div><\/div><div class=\"aio-ibd-block\"><div class=\"aio-icon-header\" ><h3 class=\"aio-icon-title ult-responsive\"  data-ultimate-target='#Info-box-wrap-5754 .aio-icon-title'  data-responsive-json-new='{\"font-size\":\"desktop:16px;\",\"line-height\":\"desktop:18px;\"}'  style=\"font-weight:bold;color:#ffffff;\">Project partners:<\/h3><\/div> <!-- header --><div class=\"aio-icon-description ult-responsive\"  data-ultimate-target='#Info-box-wrap-5754 .aio-icon-description'  data-responsive-json-new='{\"font-size\":\"desktop:14px;\",\"line-height\":\"desktop:24px;\"}'  style=\"color:#ffffff;\">Istituto Benelli di Pesaro, Istituto Podesti di Ancona, Istituto Omnicomprensivo Montefeltro di Sassocorvaro e Istituto Ostilio Ricci di Fermo, Monnalisa Accademy (agenzia formativa) e l\u2019Istituto d\u2019Istruzione superiore Corridoni-Campana di Osimo<\/div> <!-- description --><\/div> <!-- aio-ibd-block --><\/div> <!-- aio-icon-box --><\/div> <!-- aio-icon-component -->[\/vc_column][vc_column width=&#8221;2\/3&#8243;][vc_column_text]Il consorzio delle Marche per la mobilit\u00e0 ai fini dell\u2019apprendimento, di cui IAL Marche Srl \u00e8 coordinatore, \u00e8 composto da un gruppo di Istituti di Istruzione Superiore (Istituto Benelli di Pesaro, Istituto Podesti di Ancona, Istituto Omnicomprensivo Montefeltro di Sassocorvaro e Istituto Ostilio Ricci di Fermo) e, grazie all\u2019Accreditamento Erasmus nel settore Istruzione e formazione professionale, garantisce a studenti e staff periodi di mobilit\u00e0 all\u2019estero finanziati\u00a0 dalla Commissione Europea. Nello specifico, gli obiettivi del consorzio sono i seguenti:<\/p>\n<p>1- Contrastare la dispersione scolastica aumentando l\u2019attrattiva della formazione professionale tra i<\/p>\n<p>giovani e le famiglie.<\/p>\n<p>2- Contribuire allo sviluppo delle competenze sociali e trasversali delle nuove generazioni per agire come cittadini responsabili e partecipare pienamente alla vita comunitaria in modo inclusivo<\/p>\n<p>3 -Sostenere lo sviluppo di competenze professionali specifiche necessarie per una transizione di successo nel mercato del lavoro contribuendo alla competitivit\u00e0 delle imprese del territorio<\/p>\n<p>4 &#8211; Contribuire alla creazione di uno spazio europeo della formazione professionale di qualit\u00e0 basato su docenti competenti e motivati.<\/p>\n<p>5- Rafforzare la dimensione EU della FP attraverso il supporto per lo sviluppo di strategie di internazionalizzazione che consentano un miglioramento continuo dell\u2019offerta formativa delle organizzazioni<\/p>\n<p>Nel piano 2024-2025 si aggiungono al nostro Consorzio, Monnalisa Accademy (agenzia formativa) e l\u2019Istituto d\u2019Istruzione superiore Corridoni-Campana di Osimo.<\/p>\n<p>L&#8217;obiettivo IAL MARCHE, in qualit\u00e0 di capofila accreditato, \u00e8 quello di sostenere le organizzazioni affinch\u00e9 aderiscano al programma Erasmus+ e realizzino attivit\u00e0 di alta qualit\u00e0 in modo coordinato.[\/vc_column_text][\/vc_column][\/vc_row]<\/p>\n<\/div>","protected":false},"excerpt":{"rendered":"<p>Project Reference: 2022-1-IT01-KA120-VET-000104820<br \/>\nProgramme: Erasmus+<br \/>\nLearning Mobility of Individuals<\/p>\n","protected":false},"author":4,"featured_media":8078,"template":"","dt_portfolio_category":[52,73],"dt_portfolio_tags":[],"class_list":["post-8076","dt_portfolio","type-dt_portfolio","status-publish","has-post-thumbnail","hentry","dt_portfolio_category-en-european-projects","dt_portfolio_category-european-projects-en","dt_portfolio_category-52","dt_portfolio_category-73","description-off"],"yoast_head":"<!-- This site is optimized with the Yoast SEO plugin v27.4 - https:\/\/yoast.com\/product\/yoast-seo-wordpress\/ -->\n<title>CONSORZIO DELLE MARCHE PER LA MOBILIT\u00c0 ERASMUS+ - IAL Marche<\/title>\n<meta name=\"robots\" content=\"index, follow, max-snippet:-1, max-image-preview:large, max-video-preview:-1\" \/>\n<link rel=\"canonical\" href=\"https:\/\/www.ialmarche.it\/en\/corsi-formazione\/consorzio-delle-marche-per-la-mobilita-erasmus\/\" \/>\n<meta property=\"og:locale\" content=\"en_US\" \/>\n<meta property=\"og:type\" content=\"article\" \/>\n<meta property=\"og:title\" content=\"CONSORZIO DELLE MARCHE PER LA MOBILIT\u00c0 ERASMUS+ - IAL Marche\" \/>\n<meta property=\"og:description\" content=\"Project Reference: 2022-1-IT01-KA120-VET-000104820 Programme: Erasmus+ Learning Mobility of Individuals\" \/>\n<meta property=\"og:url\" content=\"https:\/\/www.ialmarche.it\/en\/corsi-formazione\/consorzio-delle-marche-per-la-mobilita-erasmus\/\" \/>\n<meta property=\"og:site_name\" content=\"IAL Marche\" \/>\n<meta property=\"article:publisher\" content=\"https:\/\/www.facebook.com\/ialmarche\" \/>\n<meta property=\"article:modified_time\" content=\"2024-01-31T09:34:00+00:00\" \/>\n<meta property=\"og:image\" content=\"https:\/\/www.ialmarche.it\/wp-content\/uploads\/2024\/01\/Consorzio-mobilita-LOGO.png\" \/>\n\t<meta property=\"og:image:width\" content=\"1950\" \/>\n\t<meta property=\"og:image:height\" content=\"750\" \/>\n\t<meta property=\"og:image:type\" content=\"image\/png\" \/>\n<meta name=\"twitter:card\" content=\"summary_large_image\" \/>\n<meta name=\"twitter:label1\" content=\"Est. reading time\" \/>\n\t<meta name=\"twitter:data1\" content=\"3 minutes\" \/>\n<script type=\"application\/ld+json\" class=\"yoast-schema-graph\">{\"@context\":\"https:\\\/\\\/schema.org\",\"@graph\":[{\"@type\":\"WebPage\",\"@id\":\"https:\\\/\\\/www.ialmarche.it\\\/en\\\/corsi-formazione\\\/consorzio-delle-marche-per-la-mobilita-erasmus\\\/\",\"url\":\"https:\\\/\\\/www.ialmarche.it\\\/en\\\/corsi-formazione\\\/consorzio-delle-marche-per-la-mobilita-erasmus\\\/\",\"name\":\"CONSORZIO DELLE MARCHE PER LA MOBILIT\u00c0 ERASMUS+ - IAL Marche\",\"isPartOf\":{\"@id\":\"https:\\\/\\\/www.ialmarche.it\\\/#website\"},\"primaryImageOfPage\":{\"@id\":\"https:\\\/\\\/www.ialmarche.it\\\/en\\\/corsi-formazione\\\/consorzio-delle-marche-per-la-mobilita-erasmus\\\/#primaryimage\"},\"image\":{\"@id\":\"https:\\\/\\\/www.ialmarche.it\\\/en\\\/corsi-formazione\\\/consorzio-delle-marche-per-la-mobilita-erasmus\\\/#primaryimage\"},\"thumbnailUrl\":\"https:\\\/\\\/www.ialmarche.it\\\/wp-content\\\/uploads\\\/2024\\\/01\\\/Consorzio-mobilita-LOGO.png\",\"datePublished\":\"2024-01-31T09:28:44+00:00\",\"dateModified\":\"2024-01-31T09:34:00+00:00\",\"breadcrumb\":{\"@id\":\"https:\\\/\\\/www.ialmarche.it\\\/en\\\/corsi-formazione\\\/consorzio-delle-marche-per-la-mobilita-erasmus\\\/#breadcrumb\"},\"inLanguage\":\"en-US\",\"potentialAction\":[{\"@type\":\"ReadAction\",\"target\":[\"https:\\\/\\\/www.ialmarche.it\\\/en\\\/corsi-formazione\\\/consorzio-delle-marche-per-la-mobilita-erasmus\\\/\"]}]},{\"@type\":\"ImageObject\",\"inLanguage\":\"en-US\",\"@id\":\"https:\\\/\\\/www.ialmarche.it\\\/en\\\/corsi-formazione\\\/consorzio-delle-marche-per-la-mobilita-erasmus\\\/#primaryimage\",\"url\":\"https:\\\/\\\/www.ialmarche.it\\\/wp-content\\\/uploads\\\/2024\\\/01\\\/Consorzio-mobilita-LOGO.png\",\"contentUrl\":\"https:\\\/\\\/www.ialmarche.it\\\/wp-content\\\/uploads\\\/2024\\\/01\\\/Consorzio-mobilita-LOGO.png\",\"width\":1950,\"height\":750},{\"@type\":\"BreadcrumbList\",\"@id\":\"https:\\\/\\\/www.ialmarche.it\\\/en\\\/corsi-formazione\\\/consorzio-delle-marche-per-la-mobilita-erasmus\\\/#breadcrumb\",\"itemListElement\":[{\"@type\":\"ListItem\",\"position\":1,\"name\":\"Home\",\"item\":\"https:\\\/\\\/www.ialmarche.it\\\/\"},{\"@type\":\"ListItem\",\"position\":2,\"name\":\"Portafoglio\",\"item\":\"https:\\\/\\\/www.ialmarche.it\\\/corsi-formazione\\\/\"},{\"@type\":\"ListItem\",\"position\":3,\"name\":\"CONSORZIO DELLE MARCHE PER LA MOBILIT\u00c0 ERASMUS+\"}]},{\"@type\":\"WebSite\",\"@id\":\"https:\\\/\\\/www.ialmarche.it\\\/#website\",\"url\":\"https:\\\/\\\/www.ialmarche.it\\\/\",\"name\":\"IAL Marche\",\"description\":\"\",\"publisher\":{\"@id\":\"https:\\\/\\\/www.ialmarche.it\\\/#organization\"},\"potentialAction\":[{\"@type\":\"SearchAction\",\"target\":{\"@type\":\"EntryPoint\",\"urlTemplate\":\"https:\\\/\\\/www.ialmarche.it\\\/?s={search_term_string}\"},\"query-input\":{\"@type\":\"PropertyValueSpecification\",\"valueRequired\":true,\"valueName\":\"search_term_string\"}}],\"inLanguage\":\"en-US\"},{\"@type\":\"Organization\",\"@id\":\"https:\\\/\\\/www.ialmarche.it\\\/#organization\",\"name\":\"IAL Marche - Innovazione | Apprendimento | Lavoro\",\"url\":\"https:\\\/\\\/www.ialmarche.it\\\/\",\"logo\":{\"@type\":\"ImageObject\",\"inLanguage\":\"en-US\",\"@id\":\"https:\\\/\\\/www.ialmarche.it\\\/#\\\/schema\\\/logo\\\/image\\\/\",\"url\":\"https:\\\/\\\/www.ialmarche.it\\\/wp-content\\\/uploads\\\/2019\\\/08\\\/lo.png\",\"contentUrl\":\"https:\\\/\\\/www.ialmarche.it\\\/wp-content\\\/uploads\\\/2019\\\/08\\\/lo.png\",\"width\":120,\"height\":100,\"caption\":\"IAL Marche - Innovazione | Apprendimento | Lavoro\"},\"image\":{\"@id\":\"https:\\\/\\\/www.ialmarche.it\\\/#\\\/schema\\\/logo\\\/image\\\/\"},\"sameAs\":[\"https:\\\/\\\/www.facebook.com\\\/ialmarche\",\"https:\\\/\\\/www.instagram.com\\\/ialmarche\\\/\",\"https:\\\/\\\/www.linkedin.com\\\/company\\\/ial-marche\"]}]}<\/script>\n<!-- \/ Yoast SEO plugin. -->","yoast_head_json":{"title":"CONSORZIO DELLE MARCHE PER LA MOBILIT\u00c0 ERASMUS+ - IAL Marche","robots":{"index":"index","follow":"follow","max-snippet":"max-snippet:-1","max-image-preview":"max-image-preview:large","max-video-preview":"max-video-preview:-1"},"canonical":"https:\/\/www.ialmarche.it\/en\/corsi-formazione\/consorzio-delle-marche-per-la-mobilita-erasmus\/","og_locale":"en_US","og_type":"article","og_title":"CONSORZIO DELLE MARCHE PER LA MOBILIT\u00c0 ERASMUS+ - IAL Marche","og_description":"Project Reference: 2022-1-IT01-KA120-VET-000104820 Programme: Erasmus+ Learning Mobility of Individuals","og_url":"https:\/\/www.ialmarche.it\/en\/corsi-formazione\/consorzio-delle-marche-per-la-mobilita-erasmus\/","og_site_name":"IAL Marche","article_publisher":"https:\/\/www.facebook.com\/ialmarche","article_modified_time":"2024-01-31T09:34:00+00:00","og_image":[{"width":1950,"height":750,"url":"https:\/\/www.ialmarche.it\/wp-content\/uploads\/2024\/01\/Consorzio-mobilita-LOGO.png","type":"image\/png"}],"twitter_card":"summary_large_image","twitter_misc":{"Est. reading time":"3 minutes"},"schema":{"@context":"https:\/\/schema.org","@graph":[{"@type":"WebPage","@id":"https:\/\/www.ialmarche.it\/en\/corsi-formazione\/consorzio-delle-marche-per-la-mobilita-erasmus\/","url":"https:\/\/www.ialmarche.it\/en\/corsi-formazione\/consorzio-delle-marche-per-la-mobilita-erasmus\/","name":"CONSORZIO DELLE MARCHE PER LA MOBILIT\u00c0 ERASMUS+ - IAL Marche","isPartOf":{"@id":"https:\/\/www.ialmarche.it\/#website"},"primaryImageOfPage":{"@id":"https:\/\/www.ialmarche.it\/en\/corsi-formazione\/consorzio-delle-marche-per-la-mobilita-erasmus\/#primaryimage"},"image":{"@id":"https:\/\/www.ialmarche.it\/en\/corsi-formazione\/consorzio-delle-marche-per-la-mobilita-erasmus\/#primaryimage"},"thumbnailUrl":"https:\/\/www.ialmarche.it\/wp-content\/uploads\/2024\/01\/Consorzio-mobilita-LOGO.png","datePublished":"2024-01-31T09:28:44+00:00","dateModified":"2024-01-31T09:34:00+00:00","breadcrumb":{"@id":"https:\/\/www.ialmarche.it\/en\/corsi-formazione\/consorzio-delle-marche-per-la-mobilita-erasmus\/#breadcrumb"},"inLanguage":"en-US","potentialAction":[{"@type":"ReadAction","target":["https:\/\/www.ialmarche.it\/en\/corsi-formazione\/consorzio-delle-marche-per-la-mobilita-erasmus\/"]}]},{"@type":"ImageObject","inLanguage":"en-US","@id":"https:\/\/www.ialmarche.it\/en\/corsi-formazione\/consorzio-delle-marche-per-la-mobilita-erasmus\/#primaryimage","url":"https:\/\/www.ialmarche.it\/wp-content\/uploads\/2024\/01\/Consorzio-mobilita-LOGO.png","contentUrl":"https:\/\/www.ialmarche.it\/wp-content\/uploads\/2024\/01\/Consorzio-mobilita-LOGO.png","width":1950,"height":750},{"@type":"BreadcrumbList","@id":"https:\/\/www.ialmarche.it\/en\/corsi-formazione\/consorzio-delle-marche-per-la-mobilita-erasmus\/#breadcrumb","itemListElement":[{"@type":"ListItem","position":1,"name":"Home","item":"https:\/\/www.ialmarche.it\/"},{"@type":"ListItem","position":2,"name":"Portafoglio","item":"https:\/\/www.ialmarche.it\/corsi-formazione\/"},{"@type":"ListItem","position":3,"name":"CONSORZIO DELLE MARCHE PER LA MOBILIT\u00c0 ERASMUS+"}]},{"@type":"WebSite","@id":"https:\/\/www.ialmarche.it\/#website","url":"https:\/\/www.ialmarche.it\/","name":"IAL Marche","description":"","publisher":{"@id":"https:\/\/www.ialmarche.it\/#organization"},"potentialAction":[{"@type":"SearchAction","target":{"@type":"EntryPoint","urlTemplate":"https:\/\/www.ialmarche.it\/?s={search_term_string}"},"query-input":{"@type":"PropertyValueSpecification","valueRequired":true,"valueName":"search_term_string"}}],"inLanguage":"en-US"},{"@type":"Organization","@id":"https:\/\/www.ialmarche.it\/#organization","name":"IAL Marche - Innovazione | Apprendimento | Lavoro","url":"https:\/\/www.ialmarche.it\/","logo":{"@type":"ImageObject","inLanguage":"en-US","@id":"https:\/\/www.ialmarche.it\/#\/schema\/logo\/image\/","url":"https:\/\/www.ialmarche.it\/wp-content\/uploads\/2019\/08\/lo.png","contentUrl":"https:\/\/www.ialmarche.it\/wp-content\/uploads\/2019\/08\/lo.png","width":120,"height":100,"caption":"IAL Marche - Innovazione | Apprendimento | Lavoro"},"image":{"@id":"https:\/\/www.ialmarche.it\/#\/schema\/logo\/image\/"},"sameAs":["https:\/\/www.facebook.com\/ialmarche","https:\/\/www.instagram.com\/ialmarche\/","https:\/\/www.linkedin.com\/company\/ial-marche"]}]}},"_links":{"self":[{"href":"https:\/\/www.ialmarche.it\/en\/wp-json\/wp\/v2\/dt_portfolio\/8076","targetHints":{"allow":["GET"]}}],"collection":[{"href":"https:\/\/www.ialmarche.it\/en\/wp-json\/wp\/v2\/dt_portfolio"}],"about":[{"href":"https:\/\/www.ialmarche.it\/en\/wp-json\/wp\/v2\/types\/dt_portfolio"}],"author":[{"embeddable":true,"href":"https:\/\/www.ialmarche.it\/en\/wp-json\/wp\/v2\/users\/4"}],"version-history":[{"count":2,"href":"https:\/\/www.ialmarche.it\/en\/wp-json\/wp\/v2\/dt_portfolio\/8076\/revisions"}],"predecessor-version":[{"id":8081,"href":"https:\/\/www.ialmarche.it\/en\/wp-json\/wp\/v2\/dt_portfolio\/8076\/revisions\/8081"}],"wp:featuredmedia":[{"embeddable":true,"href":"https:\/\/www.ialmarche.it\/en\/wp-json\/wp\/v2\/media\/8078"}],"wp:attachment":[{"href":"https:\/\/www.ialmarche.it\/en\/wp-json\/wp\/v2\/media?parent=8076"}],"wp:term":[{"taxonomy":"dt_portfolio_category","embeddable":true,"href":"https:\/\/www.ialmarche.it\/en\/wp-json\/wp\/v2\/dt_portfolio_category?post=8076"},{"taxonomy":"dt_portfolio_tags","embeddable":true,"href":"https:\/\/www.ialmarche.it\/en\/wp-json\/wp\/v2\/dt_portfolio_tags?post=8076"}],"curies":[{"name":"wp","href":"https:\/\/api.w.org\/{rel}","templated":true}]}}